{"id":129,"date":"2022-09-21T17:21:14","date_gmt":"2022-09-21T15:21:14","guid":{"rendered":"https:\/\/cfeda.com\/Economiam\/?page_id=129"},"modified":"2026-01-07T11:26:19","modified_gmt":"2026-01-07T10:26:19","slug":"concept","status":"publish","type":"page","link":"https:\/\/cfeda.com\/Economiam\/concept\/","title":{"rendered":"Concept"},"content":{"rendered":"<p>[et_pb_section fb_built=\u00a0\u00bb1&Prime; _builder_version=\u00a0\u00bb4.9.4&Prime; _module_preset=\u00a0\u00bbdefault\u00a0\u00bb background_image=\u00a0\u00bbhttps:\/\/cfeda.com\/Economiam\/wp-content\/uploads\/2025\/05\/Arome-beaute-socio-estheticienne-8.png\u00a0\u00bb][et_pb_row _builder_version=\u00a0\u00bb4.9.4&Prime; _module_preset=\u00a0\u00bbdefault\u00a0\u00bb][et_pb_column type=\u00a0\u00bb4_4&Prime; _builder_version=\u00a0\u00bb4.9.4&Prime; _module_preset=\u00a0\u00bbdefault\u00a0\u00bb][et_pb_text content_tablet=\u00a0\u00bb\u00a0\u00bb content_phone=\u00a0\u00bb\u00a0\u00bb content_last_edited=\u00a0\u00bbon|phone\u00a0\u00bb _builder_version=\u00a0\u00bb4.9.4&Prime; _module_preset=\u00a0\u00bbdefault\u00a0\u00bb text_text_color=\u00a0\u00bb#474747&Prime; text_font_size=\u00a0\u00bb66px\u00a0\u00bb text_orientation=\u00a0\u00bbcenter\u00a0\u00bb custom_margin=\u00a0\u00bb5%||10%||false|false\u00a0\u00bb text_font_size_tablet=\u00a0\u00bb\u00a0\u00bb text_font_size_phone=\u00a0\u00bb29px\u00a0\u00bb text_font_size_last_edited=\u00a0\u00bbon|tablet\u00a0\u00bb]<\/p>\n<p>SOCIO-ESTH\u00c9TIQUE<\/p>\n<p>[\/et_pb_text][\/et_pb_column][\/et_pb_row][\/et_pb_section][et_pb_section fb_built=\u00a0\u00bb1&Prime; _builder_version=\u00a0\u00bb4.9.4&Prime; _module_preset=\u00a0\u00bbdefault\u00a0\u00bb custom_margin=\u00a0\u00bb1px|||||\u00a0\u00bb][et_pb_row column_structure=\u00a0\u00bb1_2,1_2&Prime; _builder_version=\u00a0\u00bb4.9.4&Prime; _module_preset=\u00a0\u00bbdefault\u00a0\u00bb][et_pb_column type=\u00a0\u00bb1_2&Prime; _builder_version=\u00a0\u00bb4.9.4&Prime; _module_preset=\u00a0\u00bbdefault\u00a0\u00bb][et_pb_text _builder_version=\u00a0\u00bb4.9.4&Prime; _module_preset=\u00a0\u00bbdefault\u00a0\u00bb]<\/p>\n<h1>Socio-esth\u00e9ticienne<\/h1>\n<p>Un soin du coeur, une tendresse pour l&rsquo;\u00e2me.<\/p>\n<p>[\/et_pb_text][\/et_pb_column][et_pb_column type=\u00a0\u00bb1_2&Prime; _builder_version=\u00a0\u00bb4.9.4&Prime; _module_preset=\u00a0\u00bbdefault\u00a0\u00bb][\/et_pb_column][\/et_pb_row][et_pb_row column_structure=\u00a0\u00bb1_2,1_2&Prime; _builder_version=\u00a0\u00bb4.9.4&Prime; _module_preset=\u00a0\u00bbdefault\u00a0\u00bb][et_pb_column type=\u00a0\u00bb1_2&Prime; _builder_version=\u00a0\u00bb4.9.4&Prime; _module_preset=\u00a0\u00bbdefault\u00a0\u00bb][et_pb_image src=\u00a0\u00bbhttps:\/\/cfeda.com\/Economiam\/wp-content\/uploads\/2025\/05\/Arome-beaute-socio-estheticienne-1-1.png\u00a0\u00bb title_text=\u00a0\u00bbArome beaute\u0301 socio estheticienne (1)\u00a0\u00bb _builder_version=\u00a0\u00bb4.9.4&Prime; _module_preset=\u00a0\u00bbdefault\u00a0\u00bb hover_enabled=\u00a0\u00bb0&Prime; border_radii=\u00a0\u00bbon|12px|12px|12px|12px\u00a0\u00bb sticky_enabled=\u00a0\u00bb0&Prime;][\/et_pb_image][et_pb_text _builder_version=\u00a0\u00bb4.9.4&Prime; _module_preset=\u00a0\u00bbdefault\u00a0\u00bb]<\/p>\n<h2 class=\"p1\"><span class=\"s1\">Prendre soin avec le c\u0153ur\u2026<\/span><\/h2>\n<p class=\"p2\"><span class=\"s2\">Il y a des instants o\u00f9 le corps, le c\u0153ur et l\u2019esprit ont besoin d\u2019un peu plus que des soins <\/span><span class=\"s2\">classiques.<\/span><\/p>\n<p class=\"p2\"><span class=\"s2\">La socio-esth\u00e9tique, c\u2019est une bulle de douceur, un moment suspendu, un souffle de <\/span><span class=\"s2\">tendresse pour celles et ceux qui traversent une \u00e9preuve, une fatigue, une transition\u2026<\/span><\/p>\n<p class=\"p2\"><span class=\"s2\">C\u2019est une invitation \u00e0 se reconnecter \u00e0 soi, en douceur, dans un espace de s\u00e9curit\u00e9, <\/span><span class=\"s2\">d\u2019\u00e9coute et d\u2019amour.<\/span><\/p>\n<p>[\/et_pb_text][\/et_pb_column][et_pb_column type=\u00a0\u00bb1_2&Prime; _builder_version=\u00a0\u00bb4.9.4&Prime; _module_preset=\u00a0\u00bbdefault\u00a0\u00bb background_color=\u00a0\u00bb#d5b46d\u00a0\u00bb custom_padding=\u00a0\u00bb3%||0px||false|true\u00a0\u00bb scroll_vertical_motion_enable=\u00a0\u00bbon\u00a0\u00bb scroll_vertical_motion=\u00a0\u00bb0|50|50|100|1|0|-1&Prime; border_radii=\u00a0\u00bbon|16px|16px|16px|16px\u00a0\u00bb][et_pb_text _builder_version=\u00a0\u00bb4.9.4&Prime; _module_preset=\u00a0\u00bbdefault\u00a0\u00bb text_text_color=\u00a0\u00bb#FFFFFF\u00a0\u00bb header_2_text_color=\u00a0\u00bb#FFFFFF\u00a0\u00bb custom_padding=\u00a0\u00bb|3%||3%|false|true\u00a0\u00bb]<\/p>\n<h2 class=\"p1\"><span class=\"s1\">Un accompagnement tout en douceur<\/span><\/h2>\n<p class=\"p2\"><span class=\"s2\">Chaque soin est pens\u00e9 avec une infinie bienveillance. <\/span><span class=\"s2\">J\u2019adapte mes gestes \u00e0 votre corps, votre histoire, vos \u00e9motions, votre rythme du moment.<\/span><\/p>\n<p class=\"p2\"><span class=\"s2\">Je vous accueille telle que vous \u00eates, dans la plus grande douceur, sans jugement, avec tout <\/span><span class=\"s2\">mon c\u0153ur.<\/span><\/p>\n<p>[\/et_pb_text][et_pb_image src=\u00a0\u00bbhttps:\/\/cfeda.com\/Economiam\/wp-content\/uploads\/2025\/05\/Arome-beaute-socio-estheticienne.png\u00a0\u00bb title_text=\u00a0\u00bbArome beaute\u0301 socio estheticienne\u00a0\u00bb _builder_version=\u00a0\u00bb4.9.4&Prime; _module_preset=\u00a0\u00bbdefault\u00a0\u00bb][\/et_pb_image][\/et_pb_column][\/et_pb_row][et_pb_row _builder_version=\u00a0\u00bb4.9.4&Prime; _module_preset=\u00a0\u00bbdefault\u00a0\u00bb][et_pb_column type=\u00a0\u00bb4_4&Prime; _builder_version=\u00a0\u00bb4.9.4&Prime; _module_preset=\u00a0\u00bbdefault\u00a0\u00bb][et_pb_text _builder_version=\u00a0\u00bb4.9.4&Prime; _module_preset=\u00a0\u00bbdefault\u00a0\u00bb header_2_font_size=\u00a0\u00bb34px\u00a0\u00bb text_orientation=\u00a0\u00bbcenter\u00a0\u00bb]<\/p>\n<h2 class=\"p1\"><span class=\"s1\">Des instants pr\u00e9cieux pour chaque \u00eatre, \u00e0 chaque \u00e9tape de vie :<\/span><\/h2>\n<p>[\/et_pb_text][\/et_pb_column][\/et_pb_row][et_pb_row column_structure=\u00a0\u00bb1_2,1_2&Prime; _builder_version=\u00a0\u00bb4.9.4&Prime; _module_preset=\u00a0\u00bbdefault\u00a0\u00bb][et_pb_column type=\u00a0\u00bb1_2&Prime; _builder_version=\u00a0\u00bb4.9.4&Prime; _module_preset=\u00a0\u00bbdefault\u00a0\u00bb][et_pb_image src=\u00a0\u00bbhttps:\/\/cfeda.com\/Economiam\/wp-content\/uploads\/2025\/05\/Arome-beaute-socio-estheticienne-8.png\u00a0\u00bb title_text=\u00a0\u00bbArome beaute\u0301 socio esthe\u0301ticienne &#8211; 8&Prime; _builder_version=\u00a0\u00bb4.9.4&Prime; _module_preset=\u00a0\u00bbdefault\u00a0\u00bb][\/et_pb_image][et_pb_text _builder_version=\u00a0\u00bb4.9.4&Prime; _module_preset=\u00a0\u00bbdefault\u00a0\u00bb]<\/p>\n<h2 class=\"p3\"><span class=\"s1\">Personnes \u00e2g\u00e9es<\/span><\/h2>\n<p class=\"p2\"><span class=\"s2\">Des soins empreints de tendresse, pour raviver les sensations, \u00e9veiller les souvenirs, et<\/span><\/p>\n<p class=\"p2\"><span class=\"s2\">offrir un moment de chaleur humaine.<\/span><\/p>\n<p class=\"p2\"><span class=\"s2\">Un toucher r\u00e9confortant qui apaise, rassure, enveloppe.<\/span><\/p>\n<p>[\/et_pb_text][\/et_pb_column][et_pb_column type=\u00a0\u00bb1_2&Prime; _builder_version=\u00a0\u00bb4.9.4&Prime; _module_preset=\u00a0\u00bbdefault\u00a0\u00bb][et_pb_image src=\u00a0\u00bbhttps:\/\/cfeda.com\/Economiam\/wp-content\/uploads\/2025\/05\/Arome-beaute-socio-estheticienne-7.png\u00a0\u00bb title_text=\u00a0\u00bbArome beaute\u0301 socio esthe\u0301ticienne &#8211; 7&Prime; _builder_version=\u00a0\u00bb4.9.4&Prime; _module_preset=\u00a0\u00bbdefault\u00a0\u00bb][\/et_pb_image][et_pb_text _builder_version=\u00a0\u00bb4.9.4&Prime; _module_preset=\u00a0\u00bbdefault\u00a0\u00bb]<\/p>\n<h2 class=\"p3\"><span class=\"s1\">Personnes malades<\/span><\/h2>\n<p class=\"p2\"><span class=\"s2\">Quand le corps est fragilis\u00e9 par les traitements, le soin devient un baume.<\/span><\/p>\n<p class=\"p2\"><span class=\"s2\">Je vous propose un instant de douceur profonde pour apaiser les tensions, retrouver une<\/span><\/p>\n<p class=\"p2\"><span class=\"s2\">part de votre lumi\u00e8re, de votre beaut\u00e9, de votre f\u00e9minit\u00e9.<\/span><\/p>\n<p>[\/et_pb_text][\/et_pb_column][\/et_pb_row][et_pb_row _builder_version=\u00a0\u00bb4.9.4&Prime; _module_preset=\u00a0\u00bbdefault\u00a0\u00bb][et_pb_column type=\u00a0\u00bb4_4&Prime; _builder_version=\u00a0\u00bb4.9.4&Prime; _module_preset=\u00a0\u00bbdefault\u00a0\u00bb][et_pb_image src=\u00a0\u00bbhttps:\/\/cfeda.com\/Economiam\/wp-content\/uploads\/2025\/05\/Arome-beaute-socio-estheticienne-6.png\u00a0\u00bb title_text=\u00a0\u00bbArome beaute\u0301 socio esthe\u0301ticienne &#8211; 6&Prime; _builder_version=\u00a0\u00bb4.9.4&Prime; _module_preset=\u00a0\u00bbdefault\u00a0\u00bb border_radii=\u00a0\u00bbon|22px|22px|22px|22px\u00a0\u00bb][\/et_pb_image][et_pb_text _builder_version=\u00a0\u00bb4.9.4&Prime; _module_preset=\u00a0\u00bbdefault\u00a0\u00bb text_orientation=\u00a0\u00bbcenter\u00a0\u00bb]<\/p>\n<h2 class=\"p3\"><span class=\"s1\">Personnes en situation de handicap<\/span><\/h2>\n<p class=\"p2\"><span class=\"s2\">Chaque geste est ajust\u00e9 avec d\u00e9licatesse, pour accompagner le corps avec respect et <\/span><span class=\"s2\">dignit\u00e9.\u00a0<\/span><\/p>\n<p class=\"p2\"><span class=\"s2\">Un moment de connexion \u00e0 soi, ou l\u2019on prend le temps d\u2019\u00e9couter, de ressentir, d\u2019exister pleinement.<\/span><\/p>\n<p class=\"p2\">[\/et_pb_text][\/et_pb_column][\/et_pb_row][et_pb_row column_structure=\u00a0\u00bb1_2,1_2&Prime; _builder_version=\u00a0\u00bb4.9.4&Prime; _module_preset=\u00a0\u00bbdefault\u00a0\u00bb][et_pb_column type=\u00a0\u00bb1_2&Prime; _builder_version=\u00a0\u00bb4.9.4&Prime; _module_preset=\u00a0\u00bbdefault\u00a0\u00bb][et_pb_image src=\u00a0\u00bbhttps:\/\/cfeda.com\/Economiam\/wp-content\/uploads\/2025\/05\/Arome-beaute-socio-estheticienne-5.png\u00a0\u00bb title_text=\u00a0\u00bbArome beaute\u0301 socio esthe\u0301ticienne &#8211; 5&Prime; _builder_version=\u00a0\u00bb4.9.4&Prime; _module_preset=\u00a0\u00bbdefault\u00a0\u00bb][\/et_pb_image][et_pb_text _builder_version=\u00a0\u00bb4.9.4&Prime; _module_preset=\u00a0\u00bbdefault\u00a0\u00bb]<\/p>\n<h2 class=\"p3\"><span class=\"s1\">Personnes en d\u00e9tresse psychologique ou sociale<\/span><\/h2>\n<p class=\"p2\"><span class=\"s2\">Un refuge doux, pour d\u00e9poser ce qui p\u00e8se, se sentir accueillie sans mot, juste par le geste et <\/span><span class=\"s2\">la pr\u00e9sence.<\/span><\/p>\n<p class=\"p2\"><span class=\"s2\">Retrouver une \u00e9tincelle de confiance, un ancrage, un souffle.<\/span><\/p>\n<p class=\"p2\">[\/et_pb_text][\/et_pb_column][et_pb_column type=\u00a0\u00bb1_2&Prime; _builder_version=\u00a0\u00bb4.9.4&Prime; _module_preset=\u00a0\u00bbdefault\u00a0\u00bb][et_pb_image src=\u00a0\u00bbhttps:\/\/cfeda.com\/Economiam\/wp-content\/uploads\/2025\/05\/Arome-beaute-socio-estheticienne-4.png\u00a0\u00bb title_text=\u00a0\u00bbArome beaute\u0301 socio esthe\u0301ticienne &#8211; 4&Prime; _builder_version=\u00a0\u00bb4.9.4&Prime; _module_preset=\u00a0\u00bbdefault\u00a0\u00bb][\/et_pb_image][et_pb_text _builder_version=\u00a0\u00bb4.9.4&Prime; _module_preset=\u00a0\u00bbdefault\u00a0\u00bb]<\/p>\n<h2 class=\"p2\"><span class=\"s3\">Femmes en reconstruction<\/span><\/h2>\n<p class=\"p2\"><span class=\"s2\">Apr\u00e8s les temp\u00eates de la vie &#8211; maladie, burn-out, violences &#8211; je vous offre un cocon de <\/span><span class=\"s2\">renaissance.<\/span><\/p>\n<p class=\"p2\"><span class=\"s2\">Pour vous r\u00e9approprier votre corps avec douceur, et laisser \u00e9merger votre force, votre <\/span><span class=\"s2\">beaut\u00e9 profonde, votre lumi\u00e8re.<\/span><\/p>\n<p>[\/et_pb_text][\/et_pb_column][\/et_pb_row][et_pb_row column_structure=\u00a0\u00bb1_2,1_2&Prime; _builder_version=\u00a0\u00bb4.9.4&Prime; _module_preset=\u00a0\u00bbdefault\u00a0\u00bb][et_pb_column type=\u00a0\u00bb1_2&Prime; _builder_version=\u00a0\u00bb4.9.4&Prime; _module_preset=\u00a0\u00bbdefault\u00a0\u00bb][\/et_pb_column][et_pb_column type=\u00a0\u00bb1_2&Prime; _builder_version=\u00a0\u00bb4.9.4&Prime; _module_preset=\u00a0\u00bbdefault\u00a0\u00bb][\/et_pb_column][\/et_pb_row][et_pb_row column_structure=\u00a0\u00bb1_3,1_3,1_3&Prime; _builder_version=\u00a0\u00bb4.9.4&Prime; _module_preset=\u00a0\u00bbdefault\u00a0\u00bb][et_pb_column type=\u00a0\u00bb1_3&Prime; _builder_version=\u00a0\u00bb4.9.4&Prime; _module_preset=\u00a0\u00bbdefault\u00a0\u00bb][et_pb_image src=\u00a0\u00bbhttps:\/\/cfeda.com\/Economiam\/wp-content\/uploads\/2025\/05\/Arome-beaute-socio-estheticienne-3.png\u00a0\u00bb title_text=\u00a0\u00bbArome beaute\u0301 socio esthe\u0301ticienne &#8211; 3&Prime; _builder_version=\u00a0\u00bb4.9.4&Prime; _module_preset=\u00a0\u00bbdefault\u00a0\u00bb][\/et_pb_image][et_pb_text _builder_version=\u00a0\u00bb4.9.4&Prime; _module_preset=\u00a0\u00bbdefault\u00a0\u00bb]<\/p>\n<h2 class=\"p3\"><span class=\"s1\">Femmes enceintes<\/span><\/h2>\n<p class=\"p2\"><span class=\"s2\">Un moment de connexion avec b\u00e9b\u00e9, de rel\u00e2chement, de recentrage.<\/span><\/p>\n<p class=\"p2\"><span class=\"s2\">Des soins tendres pour accompagner les transformations du corps, soulager les tensions, et <\/span><span class=\"s2\">accueillir pleinement ce passage sacr\u00e9.<\/span><\/p>\n<p>[\/et_pb_text][\/et_pb_column][et_pb_column type=\u00a0\u00bb1_3&Prime; _builder_version=\u00a0\u00bb4.9.4&Prime; _module_preset=\u00a0\u00bbdefault\u00a0\u00bb][et_pb_image src=\u00a0\u00bbhttps:\/\/cfeda.com\/Economiam\/wp-content\/uploads\/2025\/05\/Arome-beaute-socio-estheticienne-2.png\u00a0\u00bb title_text=\u00a0\u00bbArome beaute\u0301 socio esthe\u0301ticienne &#8211; 2&Prime; _builder_version=\u00a0\u00bb4.9.4&Prime; _module_preset=\u00a0\u00bbdefault\u00a0\u00bb][\/et_pb_image][et_pb_text _builder_version=\u00a0\u00bb4.9.4&Prime; _module_preset=\u00a0\u00bbdefault\u00a0\u00bb]<\/p>\n<h2 class=\"p3\"><span class=\"s1\">B\u00e9b\u00e9s et jeunes enfants<\/span><\/h2>\n<p class=\"p2\"><span class=\"s2\">Des gestes doux, rassurants, pour apaiser les \u00e9motions, renforcer le lien d\u2019attachement, et <\/span><span class=\"s2\">nourrir le bien-\u00eatre d\u00e8s les premiers mois de vie.<\/span><\/p>\n<p class=\"p2\"><span class=\"s2\">Chaque soin est une danse d\u2019amour, une s\u00e9curit\u00e9 affective en gestes.<\/span><\/p>\n<p class=\"p2\">[\/et_pb_text][\/et_pb_column][et_pb_column type=\u00a0\u00bb1_3&Prime; _builder_version=\u00a0\u00bb4.9.4&Prime; _module_preset=\u00a0\u00bbdefault\u00a0\u00bb][et_pb_image src=\u00a0\u00bbhttps:\/\/cfeda.com\/Economiam\/wp-content\/uploads\/2025\/05\/Arome-beaute-socio-estheticienne-1.png\u00a0\u00bb title_text=\u00a0\u00bbArome beaute\u0301 socio esthe\u0301ticienne &#8211; 1&Prime; _builder_version=\u00a0\u00bb4.9.4&Prime; _module_preset=\u00a0\u00bbdefault\u00a0\u00bb][\/et_pb_image][et_pb_text _builder_version=\u00a0\u00bb4.9.4&Prime; _module_preset=\u00a0\u00bbdefault\u00a0\u00bb]<\/p>\n<h2 class=\"p3\"><span class=\"s1\">Enfants et adolescents<\/span><\/h2>\n<p class=\"p2\"><span class=\"s2\">Un instant juste pour eux, pour d\u00e9poser les \u00e9motions, les complexes, les peurs.<\/span><\/p>\n<p class=\"p2\"><span class=\"s2\">Un moment d\u2019\u00e9coute, de bienveillance, pour leur permettre de se sentir vus, aim\u00e9s et <\/span><span class=\"s2\">valoris\u00e9s.<\/span><\/p>\n<p>[\/et_pb_text][\/et_pb_column][\/et_pb_row][et_pb_row column_structure=\u00a0\u00bb1_2,1_2&Prime; _builder_version=\u00a0\u00bb4.9.4&Prime; _module_preset=\u00a0\u00bbdefault\u00a0\u00bb][et_pb_column type=\u00a0\u00bb1_2&Prime; _builder_version=\u00a0\u00bb4.9.4&Prime; _module_preset=\u00a0\u00bbdefault\u00a0\u00bb][et_pb_text _builder_version=\u00a0\u00bb4.9.4&Prime; _module_preset=\u00a0\u00bbdefault\u00a0\u00bb]<\/p>\n<h2 class=\"p1\"><span class=\"s1\">Un soin, une \u00e9treinte, un apaisement<\/span><\/h2>\n<p class=\"p2\"><span class=\"s2\">Ici, tout est pens\u00e9 pour que vous vous sentiez en s\u00e9curit\u00e9, reconnue, choy\u00e9e.<\/span><\/p>\n<p class=\"p2\"><span class=\"s2\">Des lumi\u00e8res douces, des mati\u00e8res enveloppantes, des gestes remplis d\u2019intention.<\/span><\/p>\n<p class=\"p2\"><span class=\"s2\">Ce n\u2019est pas seulement un soin, c\u2019est un moment pour vous, un retour \u00e0 l\u2019essentiel, \u00e0<\/span><\/p>\n<p class=\"p2\"><span class=\"s2\">l\u2019amour de soi.<\/span><\/p>\n<p class=\"p2\"><span class=\"s2\">Avec toute ma tendresse, et une pluie de douceur sur votre coeur,<\/span><\/p>\n<p>[\/et_pb_text][\/et_pb_column][et_pb_column type=\u00a0\u00bb1_2&Prime; _builder_version=\u00a0\u00bb4.9.4&Prime; _module_preset=\u00a0\u00bbdefault\u00a0\u00bb][\/et_pb_column][\/et_pb_row][et_pb_row column_structure=\u00a0\u00bb1_2,1_2&Prime; _builder_version=\u00a0\u00bb4.9.4&Prime; _module_preset=\u00a0\u00bbdefault\u00a0\u00bb][et_pb_column type=\u00a0\u00bb1_2&Prime; _builder_version=\u00a0\u00bb4.9.4&Prime; _module_preset=\u00a0\u00bbdefault\u00a0\u00bb][\/et_pb_column][et_pb_column type=\u00a0\u00bb1_2&Prime; _builder_version=\u00a0\u00bb4.9.4&Prime; _module_preset=\u00a0\u00bbdefault\u00a0\u00bb][\/et_pb_column][\/et_pb_row][\/et_pb_section]<\/p>\n","protected":false},"excerpt":{"rendered":"<p>[et_pb_section fb_built=\u00a0\u00bb1&Prime; _builder_version=\u00a0\u00bb4.9.4&Prime; _module_preset=\u00a0\u00bbdefault\u00a0\u00bb background_image=\u00a0\u00bbhttps:\/\/cfeda.com\/Economiam\/wp-content\/uploads\/2025\/05\/Arome-beaute-socio-estheticienne-8.png\u00a0\u00bb][et_pb_row _builder_version=\u00a0\u00bb4.9.4&Prime; _module_preset=\u00a0\u00bbdefault\u00a0\u00bb][et_pb_column type=\u00a0\u00bb4_4&Prime; _builder_version=\u00a0\u00bb4.9.4&Prime; _module_preset=\u00a0\u00bbdefault\u00a0\u00bb][et_pb_text content_tablet=\u00a0\u00bb\u00a0\u00bb content_phone=\u00a0\u00bb\u00a0\u00bb content_last_edited=\u00a0\u00bbon|phone\u00a0\u00bb _builder_version=\u00a0\u00bb4.9.4&Prime; _module_preset=\u00a0\u00bbdefault\u00a0\u00bb text_text_color=\u00a0\u00bb#474747&Prime; text_font_size=\u00a0\u00bb66px\u00a0\u00bb text_orientation=\u00a0\u00bbcenter\u00a0\u00bb custom_margin=\u00a0\u00bb5%||10%||false|false\u00a0\u00bb text_font_size_tablet=\u00a0\u00bb\u00a0\u00bb text_font_size_phone=\u00a0\u00bb29px\u00a0\u00bb text_font_size_last_edited=\u00a0\u00bbon|tablet\u00a0\u00bb] SOCIO-ESTH\u00c9TIQUE [\/et_pb_text][\/et_pb_column][\/et_pb_row][\/et_pb_section][et_pb_section fb_built=\u00a0\u00bb1&Prime; _builder_version=\u00a0\u00bb4.9.4&Prime; _module_preset=\u00a0\u00bbdefault\u00a0\u00bb custom_margin=\u00a0\u00bb1px|||||\u00a0\u00bb][et_pb_row column_structure=\u00a0\u00bb1_2,1_2&Prime; _builder_version=\u00a0\u00bb4.9.4&Prime; _module_preset=\u00a0\u00bbdefault\u00a0\u00bb][et_pb_column type=\u00a0\u00bb1_2&Prime; _builder_version=\u00a0\u00bb4.9.4&Prime; _module_preset=\u00a0\u00bbdefault\u00a0\u00bb][et_pb_text _builder_version=\u00a0\u00bb4.9.4&Prime; _module_preset=\u00a0\u00bbdefault\u00a0\u00bb] Socio-esth\u00e9ticienne Un soin du coeur, une tendresse pour l&rsquo;\u00e2me. [\/et_pb_text][\/et_pb_column][et_pb_column type=\u00a0\u00bb1_2&Prime; _builder_version=\u00a0\u00bb4.9.4&Prime; _module_preset=\u00a0\u00bbdefault\u00a0\u00bb][\/et_pb_column][\/et_pb_row][et_pb_row column_structure=\u00a0\u00bb1_2,1_2&Prime; _builder_version=\u00a0\u00bb4.9.4&Prime; _module_preset=\u00a0\u00bbdefault\u00a0\u00bb][et_pb_column type=\u00a0\u00bb1_2&Prime; _builder_version=\u00a0\u00bb4.9.4&Prime; _module_preset=\u00a0\u00bbdefault\u00a0\u00bb][et_pb_image [&hellip;]<\/p>\n","protected":false},"author":1,"featured_media":0,"parent":0,"menu_order":0,"comment_status":"closed","ping_status":"closed","template":"","meta":{"_et_pb_use_builder":"on","_et_pb_old_content":"","_et_gb_content_width":"","footnotes":""},"class_list":["post-129","page","type-page","status-publish","hentry"],"_links":{"self":[{"href":"https:\/\/cfeda.com\/Economiam\/wp-json\/wp\/v2\/pages\/129","targetHints":{"allow":["GET"]}}],"collection":[{"href":"https:\/\/cfeda.com\/Economiam\/wp-json\/wp\/v2\/pages"}],"about":[{"href":"https:\/\/cfeda.com\/Economiam\/wp-json\/wp\/v2\/types\/page"}],"author":[{"embeddable":true,"href":"https:\/\/cfeda.com\/Economiam\/wp-json\/wp\/v2\/users\/1"}],"replies":[{"embeddable":true,"href":"https:\/\/cfeda.com\/Economiam\/wp-json\/wp\/v2\/comments?post=129"}],"version-history":[{"count":9,"href":"https:\/\/cfeda.com\/Economiam\/wp-json\/wp\/v2\/pages\/129\/revisions"}],"predecessor-version":[{"id":613,"href":"https:\/\/cfeda.com\/Economiam\/wp-json\/wp\/v2\/pages\/129\/revisions\/613"}],"wp:attachment":[{"href":"https:\/\/cfeda.com\/Economiam\/wp-json\/wp\/v2\/media?parent=129"}],"curies":[{"name":"wp","href":"https:\/\/api.w.org\/{rel}","templated":true}]}}